{"id":7,"date":"2022-01-13T13:55:23","date_gmt":"2022-01-13T12:55:23","guid":{"rendered":"https:\/\/tyskperspektiv.dk\/?page_id=7"},"modified":"2022-05-14T07:57:23","modified_gmt":"2022-05-14T05:57:23","slug":"om-projektet","status":"publish","type":"page","link":"https:\/\/tyskperspektiv.dk\/?page_id=7","title":{"rendered":"Om Projektet"},"content":{"rendered":"\n<p>\u201dTysk i et karriereperspektiv\u201d er et regionalt netv\u00e6rksprojekt, med en projektorganisation best\u00e5ende af et konsortium fra 5 kommuner p\u00e5 tv\u00e6rs af Region Syddanmark: T\u00f8nder, S\u00f8nderborg, Aabenraa, Haderslev og Billund. De lokale gymnasieskoler fra de 5 kommuner er drivkraften bag projektet. Regionsprojektet har til form\u00e5l at vise de deltagende elever karrieremuligheder med tysk og dermed motivere dem for faget og dygtigg\u00f8re dem i faget. Projektet vil samtidigt&nbsp;udvikle og styrke l\u00e6ringsm\u00e5lsprogressionen mellem skoletyperne.<\/p>\n\n\n\n<p>I projektet bliver erhvervslivet, uddannelses- og kulturinstitutionerne nord og syd for gr\u00e6nsen involveret for at styrke det praksisn\u00e6re aspekt og \u00f8ge motivationen hos de unge og deres undervisere.<\/p>\n\n\n\n<p>Projektets prim\u00e6re m\u00e5lgruppe er dels eleverne p\u00e5 partnerskolerne og dels underviserne p\u00e5 samme, men ogs\u00e5 elever og undervisere p\u00e5 skolerne syd for gr\u00e6nsen, virksomheder og videreg\u00e5ende uddannelsesinstitutioner i gr\u00e6nseregionen vil blive inddraget i projektet. 1200-1500 elever bliver inddraget i projektet, ligesom mindst 100 undervisere. Dertil kommer et stort antal eksterne partnere.<\/p>\n\n\n\n<p>Projektet bliver st\u00f8ttet med kr. 2.657.725, 80 kr fra Region Syddanmarks uddannelsepulje.<\/p>\n\n\n\n<div style=\"height:100px\" aria-hidden=\"true\" class=\"wp-block-spacer\"><\/div>\n\n\n\n<h2 class=\"has-text-align-center wp-block-heading\" id=\"projektleverancer\">Projektleverancer<\/h2>\n\n\n\n<div style=\"height:50px\" aria-hidden=\"true\" class=\"wp-block-spacer\"><\/div>\n\n\n\n<p>I forbindelsemed projektet \u201dTysk i et karriereperspektiv\u201d bliver der udviklet forskellige leverancer.<\/p>\n\n\n\n<p>Faget tysk er det naturlige omdrejningspunkt for mange af projektets leverancer, men ogs\u00e5 fag som kulturforst\u00e5else, historie, samfundsfag, international \u00f8konomi og afs\u00e6tnings\u00f8konomi vil i st\u00f8rre eller mindre grad indg\u00e5 i nedenst\u00e5ende.<\/p>\n\n\n\n<p><strong>Leverance 1<\/strong>: Mindst <strong>16 undervisningsforl\u00f8b<\/strong> og mindst <strong>15 ekskursioner<\/strong> med fokus p\u00e5 karrierel\u00e6ring\/ globale kompetencer<\/p>\n\n\n\n<p><strong>Leverance 2<\/strong>: Mindst <strong>15 brobyggende elev-til elevaktiviteter<\/strong> mellem folkeskole og gymnasium med fokus p\u00e5 turisme<\/p>\n\n\n\n<p><strong>Leverance 3<\/strong>: Videreudvikling eller etablering af sprogcertificering p\u00e5 de deltagende skoler. Udvikling af mindst <strong>8 undervisningsforl\u00f8b<\/strong>, som implementerer forberedelsen af sprogcertificeringspr\u00f8ver i den daglige undervisning.<\/p>\n\n\n\n<p><strong>Leverance 4<\/strong>: Seminarer og kurser for undervisere: <\/p>\n\n\n\n<ul id=\"block-efebffc5-3aec-4fa2-ad36-7345febb47e8\" class=\"is-style-default wp-block-list\"><li>Karrierel\u00e6ring og globale kompetencer<\/li><li>Sprogcertificering<\/li><li>Digitale v\u00e6rkt\u00f8jer i tyskundervisningen<\/li><li>Tysk p\u00e5 arbejdspladsen<\/li><\/ul>\n\n\n\n<div style=\"height:100px\" aria-hidden=\"true\" class=\"wp-block-spacer\"><\/div>\n\n\n\n<h2 class=\"has-text-align-center wp-block-heading\" id=\"projektets-partnere\">Projektets partnere<\/h2>\n\n\n\n<div style=\"height:50px\" aria-hidden=\"true\" class=\"wp-block-spacer\"><\/div>\n\n\n\n<p><\/p>\n\n\n\n<div class=\"wp-block-columns is-layout-flex wp-container-core-columns-is-layout-9d6595d7 wp-block-columns-is-layout-flex\">\n<div class=\"wp-block-column is-layout-flow wp-block-column-is-layout-flow\">\n<p><strong>Projektets prim\u00e6re partnere:<\/strong><\/p>\n\n\n\n<p>Det Bl\u00e5 Gymnasium T\u00f8nder<\/p>\n\n\n\n<p>Det Bl\u00e5 Gymnasium S\u00f8nderborg<\/p>\n\n\n\n<p>Aabenraa Statsskole<\/p>\n\n\n\n<p>Haderslev Katedralskole<\/p>\n\n\n\n<p>Grindsted Gymnasie- &amp; Erhvervsskole\u00a0<\/p>\n<\/div>\n\n\n\n<div class=\"wp-block-column is-layout-flow wp-block-column-is-layout-flow\">\n<p><strong>Projektets \u00f8vrige partnere:<\/strong><\/p>\n\n\n\n<p>T\u00f8nder Kommune, Aabenraa Kommune, S\u00f8nderborg Kommune, Haderslev Kommune, Billund Kommune<\/p>\n\n\n\n<p>Goethe Institut Danmark<\/p>\n\n\n\n<p>Zentralstelle f\u00fcr Auslandsschulwesen<\/p>\n\n\n\n<p>NCFF Vest<\/p>\n\n\n\n<p>Virksomheder, skoler og videreg\u00e5ende uddannelser i Danmark og Tyskland<\/p>\n<\/div>\n<\/div>\n","protected":false},"excerpt":{"rendered":"<p>\u201dTysk i et karriereperspektiv\u201d er et regionalt netv\u00e6rksprojekt, med en projektorganisation best\u00e5ende af et konsortium fra 5 kommuner p\u00e5 tv\u00e6rs af Region Syddanmark: T\u00f8nder, S\u00f8nderborg, Aabenraa, Haderslev og Billund. De lokale gymnasieskoler fra de 5 kommuner er drivkraften bag projektet. Regionsprojektet har til form\u00e5l at vise de deltagende elever karrieremuligheder med tysk og dermed motivere [&hellip;]<\/p>\n","protected":false},"author":1,"featured_media":0,"parent":0,"menu_order":0,"comment_status":"closed","ping_status":"closed","template":"","meta":{"qubely_global_settings":"","qubely_interactions":"","_coblocks_attr":"","_coblocks_dimensions":"","_coblocks_responsive_height":"","_coblocks_accordion_ie_support":"","footnotes":""},"class_list":["post-7","page","type-page","status-publish","hentry"],"featured_image_src":null,"featured_image_src_square":null,"_links":{"self":[{"href":"https:\/\/tyskperspektiv.dk\/index.php?rest_route=\/wp\/v2\/pages\/7","targetHints":{"allow":["GET"]}}],"collection":[{"href":"https:\/\/tyskperspektiv.dk\/index.php?rest_route=\/wp\/v2\/pages"}],"about":[{"href":"https:\/\/tyskperspektiv.dk\/index.php?rest_route=\/wp\/v2\/types\/page"}],"author":[{"embeddable":true,"href":"https:\/\/tyskperspektiv.dk\/index.php?rest_route=\/wp\/v2\/users\/1"}],"replies":[{"embeddable":true,"href":"https:\/\/tyskperspektiv.dk\/index.php?rest_route=%2Fwp%2Fv2%2Fcomments&post=7"}],"version-history":[{"count":13,"href":"https:\/\/tyskperspektiv.dk\/index.php?rest_route=\/wp\/v2\/pages\/7\/revisions"}],"predecessor-version":[{"id":197,"href":"https:\/\/tyskperspektiv.dk\/index.php?rest_route=\/wp\/v2\/pages\/7\/revisions\/197"}],"wp:attachment":[{"href":"https:\/\/tyskperspektiv.dk\/index.php?rest_route=%2Fwp%2Fv2%2Fmedia&parent=7"}],"curies":[{"name":"wp","href":"https:\/\/api.w.org\/{rel}","templated":true}]}}